{"version":"1.0","provider_name":"Tampereen yliopiston normaalikoulu","provider_url":"https:\/\/www.tuni.fi\/norssi","author_name":"Tuomo Tammi","author_url":"https:\/\/www.tuni.fi\/norssi\/author\/tuomo_tammi\/","title":"Kiitos Unicef-k\u00e4velyst\u00e4 ja tuestanne - Tampereen yliopiston normaalikoulu","type":"rich","width":600,"height":338,"html":"<blockquote class=\"wp-embedded-content\" data-secret=\"Jm6efaZ9FF\"><a href=\"https:\/\/www.tuni.fi\/norssi\/unicef-kavelysta-2019\/\">Kiitos Unicef-k\u00e4velyst\u00e4 ja tuestanne<\/a><\/blockquote><iframe sandbox=\"allow-scripts\" security=\"restricted\" src=\"https:\/\/www.tuni.fi\/norssi\/unicef-kavelysta-2019\/embed\/#?secret=Jm6efaZ9FF\" width=\"600\" height=\"338\" title=\"&#8221;Kiitos Unicef-k\u00e4velyst\u00e4 ja tuestanne&#8221; &#8212; Tampereen yliopiston normaalikoulu\" data-secret=\"Jm6efaZ9FF\" frameborder=\"0\" marginwidth=\"0\" marginheight=\"0\" scrolling=\"no\" class=\"wp-embedded-content\"><\/iframe><script type=\"text\/javascript\">\n\/* <![CDATA[ *\/\n\/*! This file is auto-generated *\/\n!function(d,l){\"use strict\";l.querySelector&&d.addEventListener&&\"undefined\"!=typeof URL&&(d.wp=d.wp||{},d.wp.receiveEmbedMessage||(d.wp.receiveEmbedMessage=function(e){var t=e.data;if((t||t.secret||t.message||t.value)&&!\/[^a-zA-Z0-9]\/.test(t.secret)){for(var s,r,n,a=l.querySelectorAll('iframe[data-secret=\"'+t.secret+'\"]'),o=l.querySelectorAll('blockquote[data-secret=\"'+t.secret+'\"]'),c=new RegExp(\"^https?:$\",\"i\"),i=0;i<o.length;i++)o[i].style.display=\"none\";for(i=0;i<a.length;i++)s=a[i],e.source===s.contentWindow&&(s.removeAttribute(\"style\"),\"height\"===t.message?(1e3<(r=parseInt(t.value,10))?r=1e3:~~r<200&&(r=200),s.height=r):\"link\"===t.message&&(r=new URL(s.getAttribute(\"src\")),n=new URL(t.value),c.test(n.protocol))&&n.host===r.host&&l.activeElement===s&&(d.top.location.href=t.value))}},d.addEventListener(\"message\",d.wp.receiveEmbedMessage,!1),l.addEventListener(\"DOMContentLoaded\",function(){for(var e,t,s=l.querySelectorAll(\"iframe.wp-embedded-content\"),r=0;r<s.length;r++)(t=(e=s[r]).getAttribute(\"data-secret\"))||(t=Math.random().toString(36).substring(2,12),e.src+=\"#?secret=\"+t,e.setAttribute(\"data-secret\",t)),e.contentWindow.postMessage({message:\"ready\",secret:t},\"*\")},!1)))}(window,document);\n\/\/# sourceURL=https:\/\/www.tuni.fi\/norssi\/wp-includes\/js\/wp-embed.min.js\n\/* ]]> *\/\n<\/script>\n","description":"Tampereen yliopiston normaalikoulun oppilaat aloittavat lukuvuoden Kuokkamaantien tiloissa (luokat 1-6) sek\u00e4 Muotialatalossa (1C ja 2C) torstaina 8.8.2019 klo 9. Yl\u00e4koulun oppilaat aloittavat samana p\u00e4iv\u00e4n\u00e4 Kuokkamaantiell\u00e4 siten, ett\u00e4 7. luokkalaiset kokoontuvat auditorioon klo 9.00 ja 8. ja 9. luokkalaiset kotiluokkiinsa klo 10.00. Kaikki perusopetuksen oppilaat p\u00e4\u00e4sev\u00e4t koulusta ensimm\u00e4isen\u00e4 p\u00e4iv\u00e4n\u00e4 klo 12.","thumbnail_url":"https:\/\/www.tuni.fi\/norssi\/wp-content\/uploads\/unicef-logo.png"}